{"id":235,"date":"2025-09-15T11:13:02","date_gmt":"2025-09-15T11:13:02","guid":{"rendered":"https:\/\/neumayer-immo.at\/?page_id=235"},"modified":"2025-09-16T12:18:32","modified_gmt":"2025-09-16T12:18:32","slug":"235-2","status":"publish","type":"page","link":"https:\/\/neumayer-immo.at\/index.php\/235-2\/","title":{"rendered":"Geschichte Familie Neumayer"},"content":{"rendered":"<p>[et_pb_section fb_built=&#8220;1&#8243; admin_label=&#8220;Header&#8220; _builder_version=&#8220;4.27.4&#8243; _module_preset=&#8220;default&#8220; use_background_color_gradient=&#8220;on&#8220; background_color_gradient_stops=&#8220;rgba(255,255,255,0) 0%|rgba(78, 109, 96, 0.75) 0%|gcid-primary-color 100%&#8220; background_color_gradient_overlays_image=&#8220;on&#8220; background_image=&#8220;https:\/\/neumayer-immo.at\/wp-content\/uploads\/2025\/09\/doc00311720241105115159_1.png&#8220; locked=&#8220;off&#8220; collapsed=&#8220;on&#8220; global_colors_info=&#8220;{%22gcid-9fa4a1b6-767d-41ca-984c-a6f10449c843%22:%91%22background_color_gradient_stops%22%93,%22gcid-primary-color%22:%91%22background_color_gradient_stops%22%93}&#8220;][et_pb_row _builder_version=&#8220;4.20.0&#8243; _module_preset=&#8220;default&#8220; global_colors_info=&#8220;{}&#8220;][et_pb_column type=&#8220;4_4&#8243; _builder_version=&#8220;4.20.0&#8243; _module_preset=&#8220;default&#8220; global_colors_info=&#8220;{}&#8220;][et_pb_text _builder_version=&#8220;4.27.4&#8243; _module_preset=&#8220;4a032576-2cf3-4bea-b19d-bb85cc8769c0&#8243; header_font=&#8220;Playfair Display|600||on|||||&#8220; header_text_color=&#8220;gcid-11d3dbbb-f6dc-4fb8-929b-9d6994368d00&#8243; text_orientation=&#8220;center&#8220; global_colors_info=&#8220;{%22gcid-11d3dbbb-f6dc-4fb8-929b-9d6994368d00%22:%91%22header_text_color%22%93}&#8220;]<\/p>\n<h1>Geschichte<\/h1>\n<h1>Familie Neumayer<\/h1>\n<p>[\/et_pb_text][\/et_pb_column][\/et_pb_row][\/et_pb_section][et_pb_section fb_built=&#8220;1&#8243; admin_label=&#8220;About&#8220; _builder_version=&#8220;4.20.0&#8243; _module_preset=&#8220;default&#8220; background_color=&#8220;gcid-9fa4a1b6-767d-41ca-984c-a6f10449c843&#8243; locked=&#8220;off&#8220; collapsed=&#8220;on&#8220; global_colors_info=&#8220;{%22gcid-9fa4a1b6-767d-41ca-984c-a6f10449c843%22:%91%22background_color%22%93}&#8220;][et_pb_row _builder_version=&#8220;4.27.4&#8243; _module_preset=&#8220;default&#8220; global_colors_info=&#8220;{}&#8220;][et_pb_column type=&#8220;4_4&#8243; _builder_version=&#8220;4.27.4&#8243; _module_preset=&#8220;default&#8220; global_colors_info=&#8220;{}&#8220;][et_pb_text _builder_version=&#8220;4.27.4&#8243; _module_preset=&#8220;b9bdb1fb-e4a5-4e30-968b-5c46c14105c4&#8243; text_font=&#8220;Manrope||||||||&#8220; text_text_color=&#8220;gcid-782a9f05-6088-4505-9405-38b1d0c63c19&#8243; text_font_size=&#8220;17px&#8220; locked=&#8220;off&#8220; global_colors_info=&#8220;{%22gcid-782a9f05-6088-4505-9405-38b1d0c63c19%22:%91%22text_text_color%22%93}&#8220;]<\/p>\n<p style=\"text-align: justify;\"><span data-contrast=\"auto\" xml:lang=\"DE-AT\" lang=\"DE-AT\" class=\"TextRun SCXW105103587 BCX0\"><span class=\"NormalTextRun SCXW105103587 BCX0\">Willkommen bei Neumayer Immobilien! Unsere Wurzeln reichen bis ins Jahr 1901 zur\u00fcck, als die Familie Johann und Theresia Neumayer in Kufstein sesshaft wurde. <\/span><span class=\"NormalTextRun SCXW105103587 BCX0\">Der Bau der Eisenbahnlinie versprach wirtschaftlichen Aufschwung und legte den Grundstein f\u00fcr unsere unternehmerische Reise.<\/span><\/span><span class=\"EOP SCXW105103587 BCX0\" data-ccp-props=\"{&quot;335551550&quot;:6,&quot;335551620&quot;:6}\">\u00a0<\/span><\/p>\n<p>[\/et_pb_text][et_pb_text _builder_version=&#8220;4.27.4&#8243; _module_preset=&#8220;176256d9-ee95-45b1-a9c7-a31b83153668&#8243; header_2_font=&#8220;Manrope|||on|||||&#8220; header_2_text_color=&#8220;gcid-71447d46-9a39-4c34-a600-99b40a414138&#8243; header_2_font_size=&#8220;32px&#8220; global_colors_info=&#8220;{%22gcid-71447d46-9a39-4c34-a600-99b40a414138%22:%91%22header_2_text_color%22%93}&#8220;]<\/p>\n<h2><span data-contrast=\"auto\" xml:lang=\"DE-AT\" lang=\"DE-AT\" class=\"TextRun SCXW177241057 BCX0\"><span class=\"NormalTextRun SCXW177241057 BCX0\">Die Anf\u00e4nge der Familie Neumayer<\/span><\/span><span class=\"EOP SCXW177241057 BCX0\" data-ccp-props=\"{&quot;335551550&quot;:6,&quot;335551620&quot;:6}\">\u00a0<\/span><\/h2>\n<p>[\/et_pb_text][et_pb_text _builder_version=&#8220;4.27.4&#8243; _module_preset=&#8220;b9bdb1fb-e4a5-4e30-968b-5c46c14105c4&#8243; text_font=&#8220;Manrope||||||||&#8220; text_text_color=&#8220;gcid-782a9f05-6088-4505-9405-38b1d0c63c19&#8243; text_font_size=&#8220;17px&#8220; locked=&#8220;off&#8220; global_colors_info=&#8220;{%22gcid-782a9f05-6088-4505-9405-38b1d0c63c19%22:%91%22text_text_color%22%93}&#8220;]<\/p>\n<p style=\"text-align: justify;\"><span data-contrast=\"auto\">Johann Neumayer, eines von 14 Kindern, verlie\u00df seinen elterlichen Gutshof in Ober\u00f6sterreich, um mit seiner aus Wals bei Salzburg stammenden Frau Theresia in die Region Kufstein zu ziehen. Ihre ersten Schritte f\u00fchrten sie nach Kaprun \/ Salzburg, bevor sie schlie\u00dflich im malerischen Kufstein heimisch wurden. Johann plante, am Fu\u00dfe des Buchberges eine Brauerei zu gr\u00fcnden, doch diese Vision scheiterte an fehlenden Wasserrechten.<\/span><span data-ccp-props=\"{&quot;335551550&quot;:6,&quot;335551620&quot;:6}\">\u00a0<\/span><\/p>\n<p style=\"text-align: justify;\"><span data-contrast=\"auto\">Stattdessen wurden sie Pachtinhaber des Alpenvereinshauses \u201eHinterb\u00e4renbad\u201c im Kaisertal, das durch den aufkommenden Klettersport und die beliebte Sommerfrische florierte. Ihr Erfolg brachte der Familie Wohlstand und \u00fcberregionale Bekanntheit.<\/span><span data-contrast=\"auto\"> Dies half auch Johanns Bruder Eduard, der sich in Kufstein niederlie\u00df und ein Tuchgesch\u00e4ft im Neumayer Haus am Oberen Stadtplatz er\u00f6ffnete.<\/span><span data-ccp-props=\"{&quot;335551550&quot;:6,&quot;335551620&quot;:6}\">\u00a0<\/span><\/p>\n<p>[\/et_pb_text][et_pb_gallery gallery_ids=&#8220;169,170&#8243; fullwidth=&#8220;on&#8220; _builder_version=&#8220;4.27.4&#8243; _module_preset=&#8220;default&#8220; max_width=&#8220;40%&#8220; module_alignment=&#8220;center&#8220; hover_enabled=&#8220;0&#8243; global_colors_info=&#8220;{}&#8220; max_width_last_edited=&#8220;on|phone&#8220; max_width_phone=&#8220;84%&#8220; sticky_enabled=&#8220;0&#8243; max_width_tablet=&#8220;75%&#8220;][\/et_pb_gallery][et_pb_text _builder_version=&#8220;4.27.4&#8243; _module_preset=&#8220;176256d9-ee95-45b1-a9c7-a31b83153668&#8243; header_2_font=&#8220;Manrope|||on|||||&#8220; header_2_text_color=&#8220;gcid-71447d46-9a39-4c34-a600-99b40a414138&#8243; header_2_font_size=&#8220;30px&#8220; global_colors_info=&#8220;{%22gcid-71447d46-9a39-4c34-a600-99b40a414138%22:%91%22header_2_text_color%22%93}&#8220;]<\/p>\n<h2><span data-contrast=\"auto\" xml:lang=\"DE-AT\" lang=\"DE-AT\" class=\"TextRun SCXW168649231 BCX0\"><span class=\"NormalTextRun SCXW168649231 BCX0\">Ein Weg voller Herausforderungen<\/span><\/span><span class=\"EOP SCXW168649231 BCX0\" data-ccp-props=\"{&quot;335551550&quot;:6,&quot;335551620&quot;:6}\">\u00a0<\/span><\/h2>\n<p>[\/et_pb_text][et_pb_text _builder_version=&#8220;4.27.4&#8243; _module_preset=&#8220;b9bdb1fb-e4a5-4e30-968b-5c46c14105c4&#8243; text_font=&#8220;Manrope||||||||&#8220; text_text_color=&#8220;gcid-782a9f05-6088-4505-9405-38b1d0c63c19&#8243; text_font_size=&#8220;17px&#8220; locked=&#8220;off&#8220; global_colors_info=&#8220;{%22gcid-782a9f05-6088-4505-9405-38b1d0c63c19%22:%91%22text_text_color%22%93}&#8220;]<\/p>\n<p style=\"text-align: justify;\"><span data-contrast=\"auto\" xml:lang=\"DE-AT\" lang=\"DE-AT\" class=\"TextRun SCXW234406398 BCX0\"><span class=\"NormalTextRun SCXW234406398 BCX0\">Johann und Theresia hatten insgesamt 14 Kinder, von denen einige in der Kindheit starben. Um den Bed\u00fcrfnissen der Familie gerecht zu werden, wurde 1910 ein Winterhaus in Kufstein errichtet. Tragischerweise musste Johann 1916 das \u201e<\/span><span class=\"NormalTextRun SpellingErrorV2Themed SCXW234406398 BCX0\">Hinterb\u00e4renbad<\/span><span class=\"NormalTextRun SCXW234406398 BCX0\">\u201c aufgrund gesundheitlicher Probleme aufgeben und verstarb 1926. <\/span><\/span><span data-contrast=\"auto\" xml:lang=\"DE-DE\" lang=\"DE-DE\" class=\"TextRun SCXW234406398 BCX0\"><span class=\"NormalTextRun SCXW234406398 BCX0\">Theresia stand nun als Witwe mit zehn Kindern vor der Herausforderung, die Familie zu versorgen.<\/span><\/span><span class=\"EOP SCXW234406398 BCX0\" data-ccp-props=\"{&quot;335551550&quot;:6,&quot;335551620&quot;:6}\">\u00a0<\/span><\/p>\n<p>[\/et_pb_text][et_pb_text _builder_version=&#8220;4.27.4&#8243; _module_preset=&#8220;176256d9-ee95-45b1-a9c7-a31b83153668&#8243; header_2_font=&#8220;Manrope|||on|||||&#8220; header_2_text_color=&#8220;gcid-71447d46-9a39-4c34-a600-99b40a414138&#8243; header_2_font_size=&#8220;30px&#8220; global_colors_info=&#8220;{%22gcid-71447d46-9a39-4c34-a600-99b40a414138%22:%91%22header_2_text_color%22%93}&#8220;]<\/p>\n<h2><span data-contrast=\"auto\" xml:lang=\"DE-AT\" lang=\"DE-AT\" class=\"TextRun SCXW221307412 BCX0\"><span class=\"NormalTextRun SCXW221307412 BCX0\">Die Bl\u00fctezeit des \u201eCaf\u00e9 Neumayer\u201c<\/span><\/span><span class=\"EOP SCXW221307412 BCX0\" data-ccp-props=\"{&quot;335551550&quot;:6,&quot;335551620&quot;:6}\">\u00a0<\/span><\/h2>\n<p>[\/et_pb_text][et_pb_text _builder_version=&#8220;4.27.4&#8243; _module_preset=&#8220;b9bdb1fb-e4a5-4e30-968b-5c46c14105c4&#8243; text_font=&#8220;Manrope||||||||&#8220; text_text_color=&#8220;gcid-782a9f05-6088-4505-9405-38b1d0c63c19&#8243; text_font_size=&#8220;17px&#8220; locked=&#8220;off&#8220; global_colors_info=&#8220;{%22gcid-782a9f05-6088-4505-9405-38b1d0c63c19%22:%91%22text_text_color%22%93}&#8220;]<\/p>\n<p style=\"text-align: justify;\"><span data-contrast=\"auto\" xml:lang=\"DE-AT\" lang=\"DE-AT\" class=\"TextRun SCXW111578058 BCX0\"><span class=\"NormalTextRun SCXW111578058 BCX0\">Nach dem Tod ihres Mannes verwandelte Theresia das Winterhaus 1927 in das \u201eCaf\u00e9 Neumayer\u201c. Mit Unterst\u00fctzung ihrer \u00e4ltesten Kinder wurde das Caf\u00e9 schnell zu einem beliebten Treffpunkt in Kufstein. Besonders hervorzuheben ist der ber\u00fchmte Maler Oskar <\/span><span class=\"NormalTextRun SpellingErrorV2Themed SCXW111578058 BCX0\">Mulley<\/span><span class=\"NormalTextRun SCXW111578058 BCX0\">, der das Caf\u00e9 mit seinen einzigartigen M\u00f6belentw\u00fcrfen <\/span><\/span><span data-contrast=\"auto\" xml:lang=\"DE-DE\" lang=\"DE-DE\" class=\"TextRun SCXW111578058 BCX0\"><span class=\"NormalTextRun SCXW111578058 BCX0\">\u2013 von Tischen \u00fcber St\u00fchlen bis hin zu Lampenschirmen \u2013 veredelte<\/span><\/span><span data-contrast=\"auto\" xml:lang=\"DE-AT\" lang=\"DE-AT\" class=\"TextRun SCXW111578058 BCX0\"><span class=\"NormalTextRun SCXW111578058 BCX0\"> und mit seinen Bildern bereicherte. Das \u201eCaf\u00e9 Neumayer\u201c wurde zu einem angesehenen Tanzlokal und kulturellen Zentrum der Stadt.<\/span><\/span><span class=\"EOP SCXW111578058 BCX0\" data-ccp-props=\"{&quot;335551550&quot;:6,&quot;335551620&quot;:6}\">\u00a0<\/span><\/p>\n<p>[\/et_pb_text][et_pb_gallery gallery_ids=&#8220;323,322,320,321&#8243; fullwidth=&#8220;on&#8220; _builder_version=&#8220;4.27.4&#8243; _module_preset=&#8220;default&#8220; max_width=&#8220;40%&#8220; module_alignment=&#8220;center&#8220; hover_enabled=&#8220;0&#8243; global_colors_info=&#8220;{}&#8220; max_width_last_edited=&#8220;on|tablet&#8220; max_width_phone=&#8220;85%&#8220; sticky_enabled=&#8220;0&#8243; max_width_tablet=&#8220;75%&#8220;][\/et_pb_gallery][et_pb_text _builder_version=&#8220;4.27.4&#8243; _module_preset=&#8220;176256d9-ee95-45b1-a9c7-a31b83153668&#8243; header_2_font=&#8220;Manrope|||on|||||&#8220; header_2_text_color=&#8220;gcid-71447d46-9a39-4c34-a600-99b40a414138&#8243; header_2_font_size=&#8220;30px&#8220; global_colors_info=&#8220;{%22gcid-71447d46-9a39-4c34-a600-99b40a414138%22:%91%22header_2_text_color%22%93}&#8220;]<\/p>\n<h2><span data-contrast=\"auto\" xml:lang=\"DE-DE\" lang=\"DE-DE\" class=\"TextRun SCXW91380474 BCX0\"><span class=\"NormalTextRun SCXW91380474 BCX0\">Generationenwechsel und Neuanf\u00e4nge<\/span><\/span><span class=\"EOP SCXW91380474 BCX0\" data-ccp-props=\"{}\">\u00a0<\/span><\/h2>\n<p>[\/et_pb_text][et_pb_text _builder_version=&#8220;4.27.4&#8243; _module_preset=&#8220;b9bdb1fb-e4a5-4e30-968b-5c46c14105c4&#8243; text_font=&#8220;Manrope||||||||&#8220; text_text_color=&#8220;gcid-782a9f05-6088-4505-9405-38b1d0c63c19&#8243; text_font_size=&#8220;17px&#8220; locked=&#8220;off&#8220; global_colors_info=&#8220;{%22gcid-782a9f05-6088-4505-9405-38b1d0c63c19%22:%91%22text_text_color%22%93}&#8220;]<\/p>\n<p style=\"text-align: justify;\"><span data-contrast=\"auto\" xml:lang=\"DE-AT\" lang=\"DE-AT\" class=\"TextRun SCXW242713127 BCX0\"><span class=\"NormalTextRun SCXW242713127 BCX0\">Nach Theresias Tod im Jahr 1967 \u00fcbernahm Margarethe, die zweit\u00e4lteste Tochter, das Caf\u00e9 und f\u00fchrte es mit Leidenschaft weiter. Ihre Liebe zum Familienbetrieb trug dazu bei, dass das Caf\u00e9 weiterhin ein beliebter Ort blieb, bis sie 1976 in den Ruhestand trat. Helga, Margarethes Tochter, \u00fcbernahm daraufhin das Familienunternehmen und modernisierte es erfolgreich. Nach Helgas Tod im Jahr 2012 \u00fcbernahm Tochter Marion das Zepter und f\u00fchrt die Tradition seit 2023 gemeinsam mit ihrem Sohn Maximilian fort.<\/span><\/span><span class=\"EOP SCXW242713127 BCX0\" data-ccp-props=\"{&quot;335551550&quot;:6,&quot;335551620&quot;:6}\">\u00a0<\/span><\/p>\n<p>[\/et_pb_text][et_pb_gallery gallery_ids=&#8220;167,166,168,148,149&#8243; fullwidth=&#8220;on&#8220; _builder_version=&#8220;4.27.4&#8243; _module_preset=&#8220;default&#8220; max_width=&#8220;40%&#8220; module_alignment=&#8220;center&#8220; hover_enabled=&#8220;0&#8243; global_colors_info=&#8220;{}&#8220; max_width_last_edited=&#8220;on|phone&#8220; max_width_phone=&#8220;85%&#8220; sticky_enabled=&#8220;0&#8243; max_width_tablet=&#8220;75%&#8220;][\/et_pb_gallery][et_pb_text _builder_version=&#8220;4.27.4&#8243; _module_preset=&#8220;176256d9-ee95-45b1-a9c7-a31b83153668&#8243; header_2_font=&#8220;Manrope|||on|||||&#8220; header_2_text_color=&#8220;gcid-71447d46-9a39-4c34-a600-99b40a414138&#8243; header_2_font_size=&#8220;30px&#8220; global_colors_info=&#8220;{%22gcid-71447d46-9a39-4c34-a600-99b40a414138%22:%91%22header_2_text_color%22%93}&#8220;]<\/p>\n<h2><span data-contrast=\"auto\" xml:lang=\"DE-AT\" lang=\"DE-AT\" class=\"TextRun SCXW209305249 BCX0\"><span class=\"NormalTextRun SCXW209305249 BCX0\">Der Weg zur <\/span><span class=\"NormalTextRun SCXW209305249 BCX0\">Neumayer Immobilien <\/span><span class=\"NormalTextRun SCXW209305249 BCX0\">GmbH<\/span><\/span><span class=\"EOP SCXW209305249 BCX0\" data-ccp-props=\"{&quot;335551550&quot;:6,&quot;335551620&quot;:6}\">\u00a0<\/span><\/h2>\n<p>[\/et_pb_text][et_pb_text _builder_version=&#8220;4.27.4&#8243; _module_preset=&#8220;b9bdb1fb-e4a5-4e30-968b-5c46c14105c4&#8243; text_font=&#8220;Manrope||||||||&#8220; text_text_color=&#8220;gcid-782a9f05-6088-4505-9405-38b1d0c63c19&#8243; text_font_size=&#8220;17px&#8220; locked=&#8220;off&#8220; global_colors_info=&#8220;{%22gcid-782a9f05-6088-4505-9405-38b1d0c63c19%22:%91%22text_text_color%22%93}&#8220;]<\/p>\n<p style=\"text-align: justify;\"><span data-contrast=\"auto\" xml:lang=\"DE-AT\" lang=\"DE-AT\" class=\"TextRun SCXW186210536 BCX0\"><span class=\"NormalTextRun SCXW186210536 BCX0\">Der Wunsch, das Familienunternehmen weiter auszubauen <\/span><span class=\"NormalTextRun SCXW186210536 BCX0\">und in die Zukunft zu f\u00fchren sowie<\/span><span class=\"NormalTextRun SCXW186210536 BCX0\"> den Bed\u00fcrfnissen der Kufsteinerinnen und Kufsteiner gerecht zu werden, war bei den heutigen Besitzern gro\u00df. Auf den im Familienbesitz angeh\u00e4uften Grundst\u00fccken entstand die Idee, hochwertigen Wohnraum zu schaffen, der nicht nur \u00e4sthetisch ansprechend, sondern auch funktional<\/span><span class=\"NormalTextRun SCXW186210536 BCX0\"> und hochwertig<\/span><span class=\"NormalTextRun SCXW186210536 BCX0\"> ist. So wurde die Neumayer Immobilien GmbH gegr\u00fcndet, mit dem Ziel, ein wertvolles Angebot f\u00fcr die lokale Gemeinschaft zu entwickeln und dabei die Tradition und Werte unserer Familie zu wahren. Wir setzen uns daf\u00fcr ein, Kufstein zu einem noch <\/span><span class=\"NormalTextRun SCXW186210536 BCX0\">lebenswerteren Ort zu machen, indem wir moderne und nachhaltige Wohnl\u00f6sungen schaffen, die den Anspr\u00fcchen der heutigen Zeit gerecht werden.<\/span><\/span><span class=\"EOP SCXW186210536 BCX0\" data-ccp-props=\"{&quot;335551550&quot;:6,&quot;335551620&quot;:6}\">\u00a0<\/span><\/p>\n<p>[\/et_pb_text][et_pb_text _builder_version=&#8220;4.27.4&#8243; _module_preset=&#8220;176256d9-ee95-45b1-a9c7-a31b83153668&#8243; header_2_font=&#8220;Manrope|||on|||||&#8220; header_2_text_color=&#8220;gcid-71447d46-9a39-4c34-a600-99b40a414138&#8243; header_2_font_size=&#8220;30px&#8220; global_colors_info=&#8220;{%22gcid-71447d46-9a39-4c34-a600-99b40a414138%22:%91%22header_2_text_color%22%93}&#8220;]<\/p>\n<h2><span data-contrast=\"auto\" xml:lang=\"DE-AT\" lang=\"DE-AT\" class=\"TextRun SCXW197987478 BCX0\"><span class=\"NormalTextRun SCXW197987478 BCX0\">Unsere Philosophie<\/span><\/span><span class=\"EOP SCXW197987478 BCX0\" data-ccp-props=\"{&quot;335551550&quot;:6,&quot;335551620&quot;:6}\">\u00a0<\/span><\/h2>\n<p>[\/et_pb_text][et_pb_text _builder_version=&#8220;4.27.4&#8243; _module_preset=&#8220;b9bdb1fb-e4a5-4e30-968b-5c46c14105c4&#8243; text_font=&#8220;Manrope||||||||&#8220; text_text_color=&#8220;gcid-782a9f05-6088-4505-9405-38b1d0c63c19&#8243; text_font_size=&#8220;17px&#8220; locked=&#8220;off&#8220; global_colors_info=&#8220;{%22gcid-782a9f05-6088-4505-9405-38b1d0c63c19%22:%91%22text_text_color%22%93}&#8220;]<\/p>\n<p style=\"text-align: justify;\"><span data-contrast=\"auto\" xml:lang=\"DE-AT\" lang=\"DE-AT\" class=\"TextRun SCXW185220344 BCX0\"><span class=\"NormalTextRun SCXW185220344 BCX0\">Bei der Neumayer Immobilien GmbH leben wir die Philosophie der Handschlagqualit\u00e4t. Vertrauen, Verbindlichkeit und Transparenz sind die Grundpfeiler unserer Arbeit. Wir glauben daran, dass jede Beziehung zu unseren Kunden auf Ehrlichkeit und gegenseitigem Respekt basiert. Unser Ziel ist es, Ihnen nicht nur erstklassige Immobilienl\u00f6sungen anzubieten, sondern auch eine partnerschaftliche Zusammenarbeit, die auf langj\u00e4hriger Tradition und famili\u00e4ren Werten fu\u00dft.<\/span><span class=\"NormalTextRun SCXW185220344 BCX0\"> Kontaktieren Sie uns noch heute! Wir freuen uns!<\/span><\/span><span class=\"EOP SCXW185220344 BCX0\" data-ccp-props=\"{}\">\u00a0<\/span><\/p>\n<p>[\/et_pb_text][\/et_pb_column][\/et_pb_row][\/et_pb_section]<\/p>\n","protected":false},"excerpt":{"rendered":"<p>Geschichte Familie NeumayerWillkommen bei Neumayer Immobilien! Unsere Wurzeln reichen bis ins Jahr 1901 zur\u00fcck, als die Familie Johann und Theresia Neumayer in Kufstein sesshaft wurde. Der Bau der Eisenbahnlinie versprach wirtschaftlichen Aufschwung und legte den Grundstein f\u00fcr unsere unternehmerische Reise.\u00a0Die Anf\u00e4nge der Familie Neumayer\u00a0Johann Neumayer, eines von 14 Kindern, verlie\u00df seinen elterlichen Gutshof in Ober\u00f6sterreich, [&hellip;]<\/p>\n","protected":false},"author":1,"featured_media":0,"parent":0,"menu_order":0,"comment_status":"closed","ping_status":"closed","template":"","meta":{"_et_pb_use_builder":"on","_et_pb_old_content":"","_et_gb_content_width":"","footnotes":""},"class_list":["post-235","page","type-page","status-publish","hentry"],"_links":{"self":[{"href":"https:\/\/neumayer-immo.at\/index.php\/wp-json\/wp\/v2\/pages\/235","targetHints":{"allow":["GET"]}}],"collection":[{"href":"https:\/\/neumayer-immo.at\/index.php\/wp-json\/wp\/v2\/pages"}],"about":[{"href":"https:\/\/neumayer-immo.at\/index.php\/wp-json\/wp\/v2\/types\/page"}],"author":[{"embeddable":true,"href":"https:\/\/neumayer-immo.at\/index.php\/wp-json\/wp\/v2\/users\/1"}],"replies":[{"embeddable":true,"href":"https:\/\/neumayer-immo.at\/index.php\/wp-json\/wp\/v2\/comments?post=235"}],"version-history":[{"count":3,"href":"https:\/\/neumayer-immo.at\/index.php\/wp-json\/wp\/v2\/pages\/235\/revisions"}],"predecessor-version":[{"id":325,"href":"https:\/\/neumayer-immo.at\/index.php\/wp-json\/wp\/v2\/pages\/235\/revisions\/325"}],"wp:attachment":[{"href":"https:\/\/neumayer-immo.at\/index.php\/wp-json\/wp\/v2\/media?parent=235"}],"curies":[{"name":"wp","href":"https:\/\/api.w.org\/{rel}","templated":true}]}}