{"id":30,"date":"2025-09-09T14:40:09","date_gmt":"2025-09-09T14:40:09","guid":{"rendered":"https:\/\/neumayer-immo.at\/?page_id=30"},"modified":"2025-09-16T09:51:05","modified_gmt":"2025-09-16T09:51:05","slug":"ueber-uns","status":"publish","type":"page","link":"https:\/\/neumayer-immo.at\/index.php\/ueber-uns\/","title":{"rendered":"\u00dcber uns"},"content":{"rendered":"\n[et_pb_section fb_built=&#8220;1&#8243; admin_label=&#8220;Header&#8220; _builder_version=&#8220;4.27.4&#8243; _module_preset=&#8220;default&#8220; use_background_color_gradient=&#8220;on&#8220; background_color_gradient_stops=&#8220;rgba(31,35,44,0.7) 0%|rgba(22, 54, 43, 0.93) 75%|gcid-primary-color 100%&#8220; background_color_gradient_overlays_image=&#8220;on&#8220; background_image=&#8220;https:\/\/neumayer-immo.at\/wp-content\/uploads\/2025\/09\/DJI_0072-scaled.jpg&#8220; locked=&#8220;off&#8220; collapsed=&#8220;on&#8220; global_colors_info=&#8220;{%22gcid-9fa4a1b6-767d-41ca-984c-a6f10449c843%22:%91%22background_color_gradient_stops%22%93,%22gcid-primary-color%22:%91%22background_color_gradient_stops%22%93}&#8220;][et_pb_row _builder_version=&#8220;4.20.0&#8243; _module_preset=&#8220;default&#8220; global_colors_info=&#8220;{}&#8220;][et_pb_column type=&#8220;4_4&#8243; _builder_version=&#8220;4.20.0&#8243; _module_preset=&#8220;default&#8220; global_colors_info=&#8220;{}&#8220;][et_pb_text _builder_version=&#8220;4.27.4&#8243; _module_preset=&#8220;0b69e845-24f1-408d-b67b-03e8a6b48df9&#8243; header_font=&#8220;Playfair Display|600||on|||||&#8220; header_text_color=&#8220;gcid-11d3dbbb-f6dc-4fb8-929b-9d6994368d00&#8243; text_orientation=&#8220;center&#8220; header_font_size_phone=&#8220;37px&#8220; global_colors_info=&#8220;{%22gcid-11d3dbbb-f6dc-4fb8-929b-9d6994368d00%22:%91%22header_text_color%22%93}&#8220;]<h1>\u00dcber Uns<\/h1>[\/et_pb_text][\/et_pb_column][\/et_pb_row][\/et_pb_section][et_pb_section fb_built=&#8220;1&#8243; admin_label=&#8220;Our Team&#8220; _builder_version=&#8220;4.27.4&#8243; _module_preset=&#8220;default&#8220; background_color=&#8220;gcid-secondary-color&#8220; collapsed=&#8220;on&#8220; global_colors_info=&#8220;{%22gcid-secondary-color%22:%91%22background_color%22%93}&#8220;][et_pb_row column_structure=&#8220;1_2,1_2&#8243; _builder_version=&#8220;4.20.0&#8243; _module_preset=&#8220;default&#8220; global_colors_info=&#8220;{}&#8220;][et_pb_column type=&#8220;1_2&#8243; _builder_version=&#8220;4.20.0&#8243; _module_preset=&#8220;default&#8220; global_colors_info=&#8220;{}&#8220;][et_pb_image src=&#8220;https:\/\/neumayer-immo.at\/wp-content\/uploads\/2025\/09\/Marion-Woell-1280&#215;1280-1.jpg&#8220; title_text=&#8220;Marion W\u00f6ll 1280&#215;1280&#8243; _builder_version=&#8220;4.27.4&#8243; _module_preset=&#8220;default&#8220; max_width=&#8220;85%&#8220; module_alignment=&#8220;center&#8220; global_colors_info=&#8220;{}&#8220;][\/et_pb_image][et_pb_text _builder_version=&#8220;4.27.4&#8243; _module_preset=&#8220;d1085afd-28e3-4b74-b3e7-627e73cd3642&#8243; header_5_font=&#8220;Manrope|700||on|||||&#8220; header_5_text_color=&#8220;gcid-11d3dbbb-f6dc-4fb8-929b-9d6994368d00&#8243; text_orientation=&#8220;center&#8220; header_5_font_size_tablet=&#8220;20px&#8220; header_5_font_size_phone=&#8220;19px&#8220; header_5_font_size_last_edited=&#8220;on|tablet&#8220; global_colors_info=&#8220;{%22gcid-11d3dbbb-f6dc-4fb8-929b-9d6994368d00%22:%91%22header_5_text_color%22%93}&#8220;]<h5>Marion W\u00f6ll<\/h5>[\/et_pb_text][et_pb_text _builder_version=&#8220;4.27.4&#8243; _module_preset=&#8220;c805708d-9255-4394-a0ea-5cdf3613df42&#8243; header_5_text_color=&#8220;gcid-9fa4a1b6-767d-41ca-984c-a6f10449c843&#8243; header_6_font=&#8220;Manrope|600||on|||||&#8220; header_6_text_color=&#8220;gcid-9fa4a1b6-767d-41ca-984c-a6f10449c843&#8243; text_orientation=&#8220;center&#8220; global_colors_info=&#8220;{%22gcid-9fa4a1b6-767d-41ca-984c-a6f10449c843%22:%91%22header_5_text_color%22,%22header_6_text_color%22%93}&#8220;]<h6>Gesch\u00e4ftsf\u00fchrende Gesellschafterin\u00a0<\/h6>\n<h6><span style=\"color: #f0e6db;\"><a href=\"mailto:m.woell@neumayer-immo.at\" style=\"color: #f0e6db;\">m.woell@neumayer-immo.at<\/a>\u00a0<\/span><\/h6>\n<h6>+43 5372 21939 10<\/h6>[\/et_pb_text][\/et_pb_column][et_pb_column type=&#8220;1_2&#8243; _builder_version=&#8220;4.20.0&#8243; _module_preset=&#8220;default&#8220; global_colors_info=&#8220;{}&#8220;][et_pb_image src=&#8220;https:\/\/neumayer-immo.at\/wp-content\/uploads\/2025\/09\/Maximilian-Grolich-1280&#215;1280-1.jpg&#8220; title_text=&#8220;Maximilian Grolich 1280&#215;1280&#8243; _builder_version=&#8220;4.27.4&#8243; _module_preset=&#8220;default&#8220; max_width=&#8220;85%&#8220; module_alignment=&#8220;center&#8220; global_colors_info=&#8220;{}&#8220;][\/et_pb_image][et_pb_text _builder_version=&#8220;4.27.4&#8243; _module_preset=&#8220;d1085afd-28e3-4b74-b3e7-627e73cd3642&#8243; header_5_font=&#8220;Manrope|700||on|||||&#8220; header_5_text_color=&#8220;gcid-11d3dbbb-f6dc-4fb8-929b-9d6994368d00&#8243; text_orientation=&#8220;center&#8220; header_5_font_size_tablet=&#8220;20px&#8220; header_5_font_size_phone=&#8220;19px&#8220; header_5_font_size_last_edited=&#8220;on|tablet&#8220; global_colors_info=&#8220;{%22gcid-11d3dbbb-f6dc-4fb8-929b-9d6994368d00%22:%91%22header_5_text_color%22%93}&#8220;]<h5>Maximilian Grolich<\/h5>[\/et_pb_text][et_pb_text _builder_version=&#8220;4.27.4&#8243; _module_preset=&#8220;c805708d-9255-4394-a0ea-5cdf3613df42&#8243; header_5_text_color=&#8220;gcid-9fa4a1b6-767d-41ca-984c-a6f10449c843&#8243; header_6_font=&#8220;Manrope|600||on|||||&#8220; header_6_text_color=&#8220;gcid-9fa4a1b6-767d-41ca-984c-a6f10449c843&#8243; text_orientation=&#8220;center&#8220; global_colors_info=&#8220;{%22gcid-9fa4a1b6-767d-41ca-984c-a6f10449c843%22:%91%22header_5_text_color%22,%22header_6_text_color%22%93}&#8220;]<h6>Projektentwicklung &amp; Planung | Gesellschafter<\/h6>\n<h6><span style=\"color: #f0e6db;\">m.grolich@neumayer-immo.at<\/span><\/h6>\n<h6>+43 5372 21939 20<\/h6>[\/et_pb_text][\/et_pb_column][\/et_pb_row][\/et_pb_section][et_pb_section fb_built=&#8220;1&#8243; admin_label=&#8220;About&#8220; _builder_version=&#8220;4.27.4&#8243; _module_preset=&#8220;default&#8220; background_color=&#8220;gcid-71447d46-9a39-4c34-a600-99b40a414138&#8243; locked=&#8220;off&#8220; collapsed=&#8220;on&#8220; global_colors_info=&#8220;{%22gcid-71447d46-9a39-4c34-a600-99b40a414138%22:%91%22background_color%22%93}&#8220;][et_pb_row column_structure=&#8220;1_2,1_2&#8243; make_equal=&#8220;on&#8220; _builder_version=&#8220;4.27.4&#8243; _module_preset=&#8220;default&#8220; global_colors_info=&#8220;{}&#8220;][et_pb_column type=&#8220;1_2&#8243; _builder_version=&#8220;4.27.4&#8243; _module_preset=&#8220;default&#8220; background_image=&#8220;https:\/\/neumayer-immo.at\/wp-content\/uploads\/2025\/09\/DJI_0096-scaled.jpg&#8220; global_colors_info=&#8220;{}&#8220;][et_pb_divider show_divider=&#8220;off&#8220; _builder_version=&#8220;4.20.0&#8243; _module_preset=&#8220;default&#8220; height_tablet=&#8220;40vw&#8220; height_phone=&#8220;40vw&#8220; height_last_edited=&#8220;on|desktop&#8220; global_colors_info=&#8220;{}&#8220;][\/et_pb_divider][\/et_pb_column][et_pb_column type=&#8220;1_2&#8243; _builder_version=&#8220;4.20.0&#8243; _module_preset=&#8220;default&#8220; global_colors_info=&#8220;{}&#8220;][et_pb_text _builder_version=&#8220;4.27.4&#8243; _module_preset=&#8220;50fd5652-aed6-4983-acf2-a9ddc2f1a5a3&#8243; header_2_font=&#8220;Playfair Display|600||on|||||&#8220; header_2_font_size_phone=&#8220;28px&#8220; global_colors_info=&#8220;{%22gcid-11d3dbbb-f6dc-4fb8-929b-9d6994368d00%22:%91%22header_2_text_color%22%93}&#8220;]<h2 style=\"text-align: center;\">Geschichte der Familie Neumayer<\/h2>[\/et_pb_text][et_pb_text _builder_version=&#8220;4.20.0&#8243; _module_preset=&#8220;2801840c-27df-427b-b657-b23c351659db&#8220; text_text_color=&#8220;#FFFFFF&#8220; locked=&#8220;off&#8220; global_colors_info=&#8220;{}&#8220;]<p>Die Geschichte der Familie Neumayer reicht bis ins Jahr 1901 zur\u00fcck \u2013 von den ersten Schritten im Kaisertal \u00fcber das legend\u00e4re Caf\u00e9 Neumayer bis hin zur heutigen Neumayer Immobilien GmbH. \u00dcber Generationen hinweg haben wir Tradition, Unternehmergeist und Handschlagqualit\u00e4t bewahrt. Heute setzen wir diese Werte fort. Tauchen Sie ein in unsere Familiengeschichte.<\/p>[\/et_pb_text][et_pb_button button_url=&#8220;@ET-DC@eyJkeW5hbWljIjp0cnVlLCJjb250ZW50IjoicG9zdF9saW5rX3VybF9wYWdlIiwic2V0dGluZ3MiOnsicG9zdF9pZCI6IjIzNSJ9fQ==@&#8220; button_text=&#8220;Zur Familiengeschichte&#8220; button_alignment=&#8220;center&#8220; _builder_version=&#8220;4.27.4&#8243; _dynamic_attributes=&#8220;button_url&#8220; _module_preset=&#8220;default&#8220; custom_button=&#8220;on&#8220; button_text_size=&#8220;18px&#8220; button_text_color=&#8220;gcid-primary-color&#8220; button_bg_color=&#8220;gcid-11d3dbbb-f6dc-4fb8-929b-9d6994368d00&#8243; button_border_width=&#8220;0px&#8220; button_border_radius=&#8220;25px&#8220; button_letter_spacing=&#8220;4px&#8220; button_font=&#8220;Manrope|600||on|||||&#8220; button_use_icon=&#8220;off&#8220; background_layout=&#8220;dark&#8220; global_colors_info=&#8220;{%22gcid-11d3dbbb-f6dc-4fb8-929b-9d6994368d00%22:%91%22button_bg_color%22%93,%22gcid-primary-color%22:%91%22button_text_color%22%93}&#8220;][\/et_pb_button][\/et_pb_column][\/et_pb_row][\/et_pb_section][et_pb_section fb_built=&#8220;1&#8243; specialty=&#8220;on&#8220; admin_label=&#8220;Features&#8220; _builder_version=&#8220;4.27.4&#8243; _module_preset=&#8220;default&#8220; background_color=&#8220;gcid-secondary-color&#8220; collapsed=&#8220;on&#8220; global_colors_info=&#8220;{%22gcid-secondary-color%22:%91%22background_color%22%93}&#8220;][et_pb_column type=&#8220;1_2&#8243; _builder_version=&#8220;4.16&#8243; _module_preset=&#8220;default&#8220; custom_padding=&#8220;|||&#8220; global_colors_info=&#8220;{}&#8220; custom_padding__hover=&#8220;|||&#8220;][et_pb_text _builder_version=&#8220;4.27.4&#8243; _module_preset=&#8220;50fd5652-aed6-4983-acf2-a9ddc2f1a5a3&#8243; header_2_font=&#8220;Playfair Display|600||on|||||&#8220; header_2_font_size_phone=&#8220;28px&#8220; global_colors_info=&#8220;{%22gcid-11d3dbbb-f6dc-4fb8-929b-9d6994368d00%22:%91%22header_2_text_color%22%93}&#8220;]<h2 style=\"text-align: center;\">Unsere Werte<\/h2>\n<h2><\/h2>[\/et_pb_text][et_pb_blurb title=&#8220;Verl\u00e4sslichkeit, die man sp\u00fcrt \u2013 Handschlagqualit\u00e4t seit Generationen&#8220; image_icon_background_color=&#8220;RGBA(255,255,255,0)&#8220; image=&#8220;https:\/\/neumayer-immo.at\/wp-content\/uploads\/2025\/09\/handshake-1.png&#8220; image_icon_width=&#8220;65%&#8220; _builder_version=&#8220;4.27.4&#8243; _module_preset=&#8220;default&#8220; header_font=&#8220;Manrope|600|||||||&#8220; header_text_align=&#8220;center&#8220; header_text_color=&#8220;gcid-9fa4a1b6-767d-41ca-984c-a6f10449c843&#8243; header_font_size=&#8220;20px&#8220; global_colors_info=&#8220;{%22gcid-9fa4a1b6-767d-41ca-984c-a6f10449c843%22:%91%22header_text_color%22%93}&#8220;][\/et_pb_blurb][et_pb_blurb title=&#8220;Klare Prozesse, offene Worte \u2013 Transparenz in jedem Schritt&#8220; image_icon_background_color=&#8220;RGBA(255,255,255,0)&#8220; image=&#8220;https:\/\/neumayer-immo.at\/wp-content\/uploads\/2025\/09\/accountability-1.png&#8220; image_icon_width=&#8220;65%&#8220; _builder_version=&#8220;4.27.4&#8243; _module_preset=&#8220;default&#8220; header_font=&#8220;Manrope|600|||||||&#8220; header_text_align=&#8220;center&#8220; header_text_color=&#8220;gcid-9fa4a1b6-767d-41ca-984c-a6f10449c843&#8243; header_font_size=&#8220;20px&#8220; global_colors_info=&#8220;{%22gcid-9fa4a1b6-767d-41ca-984c-a6f10449c843%22:%91%22header_text_color%22%93}&#8220;][\/et_pb_blurb][et_pb_blurb title=&#8220;Aus Kufstein. F\u00fcr Kufstein. Mit echter Verbundenheit.&#8220; image_icon_background_color=&#8220;RGBA(255,255,255,0)&#8220; image=&#8220;https:\/\/neumayer-immo.at\/wp-content\/uploads\/2025\/09\/location-2.png&#8220; image_icon_width=&#8220;65%&#8220; _builder_version=&#8220;4.27.4&#8243; _module_preset=&#8220;default&#8220; header_font=&#8220;Manrope|600|||||||&#8220; header_text_align=&#8220;center&#8220; header_text_color=&#8220;gcid-9fa4a1b6-767d-41ca-984c-a6f10449c843&#8243; header_font_size=&#8220;20px&#8220; global_colors_info=&#8220;{%22gcid-9fa4a1b6-767d-41ca-984c-a6f10449c843%22:%91%22header_text_color%22%93}&#8220;][\/et_pb_blurb][\/et_pb_column][et_pb_column type=&#8220;1_2&#8243; specialty_columns=&#8220;2&#8243; _builder_version=&#8220;4.16&#8243; _module_preset=&#8220;default&#8220; custom_padding=&#8220;|||&#8220; global_colors_info=&#8220;{}&#8220; custom_padding__hover=&#8220;|||&#8220;][et_pb_row_inner column_structure=&#8220;1_2,1_2&#8243; use_custom_gutter=&#8220;on&#8220; gutter_width=&#8220;1&#8243; _builder_version=&#8220;4.20.0&#8243; _module_preset=&#8220;default&#8220; locked=&#8220;off&#8220; global_colors_info=&#8220;{}&#8220;][et_pb_column_inner type=&#8220;1_2&#8243; saved_specialty_column_type=&#8220;1_2&#8243; _builder_version=&#8220;4.20.0&#8243; _module_preset=&#8220;default&#8220; global_colors_info=&#8220;{}&#8220;][et_pb_image src=&#8220;https:\/\/neumayer-immo.at\/wp-content\/uploads\/2025\/09\/DJI_0005_3-scaled.jpg&#8220; title_text=&#8220;DCIM100MEDIADJI_0005.JPG&#8220; _builder_version=&#8220;4.27.4&#8243; _module_preset=&#8220;default&#8220; locked=&#8220;off&#8220; global_colors_info=&#8220;{}&#8220;][\/et_pb_image][\/et_pb_column_inner][et_pb_column_inner type=&#8220;1_2&#8243; saved_specialty_column_type=&#8220;1_2&#8243; _builder_version=&#8220;4.20.0&#8243; _module_preset=&#8220;default&#8220; custom_padding=&#8220;60px||||false|false&#8220; custom_padding_tablet=&#8220;60px||||false|false&#8220; custom_padding_phone=&#8220;0px||||false|false&#8220; custom_padding_last_edited=&#8220;on|desktop&#8220; global_colors_info=&#8220;{}&#8220;][et_pb_image src=&#8220;https:\/\/neumayer-immo.at\/wp-content\/uploads\/2025\/09\/DJI_0045_2-scaled.jpg&#8220; title_text=&#8220;DCIM100MEDIADJI_0045.JPG&#8220; _builder_version=&#8220;4.27.4&#8243; _module_preset=&#8220;default&#8220; global_colors_info=&#8220;{}&#8220;][\/et_pb_image][\/et_pb_column_inner][\/et_pb_row_inner][\/et_pb_column][\/et_pb_section][et_pb_section fb_built=&#8220;1&#8243; admin_label=&#8220;Footer&#8220; _builder_version=&#8220;4.27.4&#8243; _module_preset=&#8220;default&#8220; background_color=&#8220;gcid-body-color&#8220; use_background_color_gradient=&#8220;on&#8220; background_color_gradient_direction=&#8220;360deg&#8220; background_color_gradient_stops=&#8220;rgba(19,60,43,0.62) 0%|rgba(19, 60, 43, 0.86) 0%|gcid-primary-color 100%&#8220; background_color_gradient_overlays_image=&#8220;on&#8220; background_image=&#8220;https:\/\/neumayer-immo.at\/wp-content\/uploads\/2025\/09\/paper-texture.jpg&#8220; saved_tabs=&#8220;all&#8220; collapsed=&#8220;on&#8220; global_colors_info=&#8220;{%22gcid-9fa4a1b6-767d-41ca-984c-a6f10449c843%22:%91%22background_color_gradient_stops%22%93,%22gcid-primary-color%22:%91%22background_color_gradient_stops%22%93,%22gcid-body-color%22:%91%22background_color%22%93}&#8220; theme_builder_area=&#8220;post_content&#8220;][et_pb_row column_structure=&#8220;1_3,1_3,1_3&#8243; _builder_version=&#8220;4.20.0&#8243; _module_preset=&#8220;default&#8220; global_colors_info=&#8220;{}&#8220; theme_builder_area=&#8220;post_content&#8220;][et_pb_column type=&#8220;1_3&#8243; _builder_version=&#8220;4.20.0&#8243; _module_preset=&#8220;default&#8220; global_colors_info=&#8220;{}&#8220; theme_builder_area=&#8220;post_content&#8220;][et_pb_text _builder_version=&#8220;4.27.4&#8243; _module_preset=&#8220;946372fb-195e-47b7-a6fb-c15ed3f5c0ff&#8220; text_font=&#8220;Playfair Display||||||||&#8220; text_text_color=&#8220;gcid-heading-color&#8220; text_font_size=&#8220;15px&#8220; header_4_font=&#8220;Playfair Display|600||on|||||&#8220; header_4_font_size=&#8220;26px&#8220; text_orientation=&#8220;center&#8220; header_4_font_size_tablet=&#8220;22px&#8220; header_4_font_size_phone=&#8220;22px&#8220; global_colors_info=&#8220;{%22gcid-heading-color%22:%91%22text_text_color%22%93,%22gcid-11d3dbbb-f6dc-4fb8-929b-9d6994368d00%22:%91%22header_4_text_color%22%93}&#8220; theme_builder_area=&#8220;post_content&#8220;]<h4>KONTAKT<\/h4>[\/et_pb_text][et_pb_text _builder_version=&#8220;4.27.4&#8243; _module_preset=&#8220;ee53ab0e-a1c1-42d9-a36b-9a89391c2147&#8243; text_font=&#8220;Manrope||||||||&#8220; text_text_color=&#8220;#FFFFFF&#8220; text_line_height=&#8220;1.6em&#8220; custom_margin=&#8220;||10px||false|false&#8220; global_colors_info=&#8220;{}&#8220; theme_builder_area=&#8220;post_content&#8220;]<div class=\"et_pb_module et_pb_text et_pb_text_6  et_pb_text_align_center et_pb_bg_layout_light\" style=\"text-align: center;\">\n<div class=\"et_pb_text_inner\"><\/div>\n<\/div>\n<div class=\"et_pb_module et_pb_text et_pb_text_7 et_clickable  et_pb_text_align_center et_pb_bg_layout_light\" style=\"text-align: center;\">\n<div class=\"et_pb_text_inner\">\n<p>Neumayer Immobilien GmbH<\/p>\n<p>Oskar Pirlo Stra\u00dfe 11<\/p>\n<p>A-6330 Kufstein, Austria<\/p>\n<\/div>\n<\/div>\n<div class=\"et_pb_module et_pb_text et_pb_text_8  et_pb_text_align_center et_pb_bg_layout_light\" style=\"text-align: center;\">\n<div class=\"et_pb_text_inner\">\n<p>+43 5372 21939<\/p>\n<p><span style=\"font-size: 16px;\">info@neumayer-immo.at<\/span><\/p>\n<\/div>\n<\/div>[\/et_pb_text][\/et_pb_column][et_pb_column type=&#8220;1_3&#8243; _builder_version=&#8220;4.20.0&#8243; _module_preset=&#8220;default&#8220; global_colors_info=&#8220;{}&#8220; theme_builder_area=&#8220;post_content&#8220;][et_pb_image src=&#8220;https:\/\/neumayer-immo.at\/wp-content\/uploads\/2025\/09\/Neumayer-Immobilien_Logo_202302_Green.png&#8220; title_text=&#8220;Neumayer Immobilien_Logo_202302_Green&#8220; align=&#8220;center&#8220; _builder_version=&#8220;4.27.4&#8243; _module_preset=&#8220;default&#8220; max_height=&#8220;262px&#8220; global_colors_info=&#8220;{}&#8220; theme_builder_area=&#8220;post_content&#8220;][\/et_pb_image][et_pb_social_media_follow icon_color=&#8220;#000000&#8243; _builder_version=&#8220;4.27.4&#8243; _module_preset=&#8220;default&#8220; text_orientation=&#8220;center&#8220; custom_margin=&#8220;||||false|false&#8220; border_radii=&#8220;on|100px|100px|100px|100px&#8220; locked=&#8220;off&#8220; global_colors_info=&#8220;{}&#8220; theme_builder_area=&#8220;post_content&#8220;][et_pb_social_media_follow_network social_network=&#8220;facebook&#8220; url=&#8220;https:\/\/www.facebook.com\/p\/Neumayer-Immobilien-61568574782807\/&#8220; _builder_version=&#8220;4.27.4&#8243; _module_preset=&#8220;default&#8220; background_color=&#8220;gcid-11d3dbbb-f6dc-4fb8-929b-9d6994368d00&#8243; background_enable_color=&#8220;on&#8220; custom_padding=&#8220;8px|8px|8px|8px|true|true&#8220; global_colors_info=&#8220;{%22gcid-11d3dbbb-f6dc-4fb8-929b-9d6994368d00%22:%91%22background_color%22%93}&#8220; theme_builder_area=&#8220;post_content&#8220; follow_button=&#8220;off&#8220; url_new_window=&#8220;on&#8220;]facebook[\/et_pb_social_media_follow_network][et_pb_social_media_follow_network social_network=&#8220;instagram&#8220; url=&#8220;https:\/\/www.instagram.com\/neumayer_immo\/&#8220; _builder_version=&#8220;4.27.4&#8243; _module_preset=&#8220;default&#8220; background_color=&#8220;gcid-11d3dbbb-f6dc-4fb8-929b-9d6994368d00&#8243; background_enable_color=&#8220;on&#8220; custom_padding=&#8220;8px|8px|8px|8px|true|true&#8220; global_colors_info=&#8220;{%22gcid-11d3dbbb-f6dc-4fb8-929b-9d6994368d00%22:%91%22background_color%22%93}&#8220; theme_builder_area=&#8220;post_content&#8220; follow_button=&#8220;off&#8220; url_new_window=&#8220;on&#8220;]instagram[\/et_pb_social_media_follow_network][et_pb_social_media_follow_network social_network=&#8220;linkedin&#8220; url=&#8220;https:\/\/www.linkedin.com\/company\/neumayer-immo\/?viewAsMember=true&#8220; _builder_version=&#8220;4.27.4&#8243; _module_preset=&#8220;default&#8220; background_color=&#8220;gcid-11d3dbbb-f6dc-4fb8-929b-9d6994368d00&#8243; background_enable_color=&#8220;on&#8220; custom_padding=&#8220;8px|8px|8px|8px|true|true&#8220; global_colors_info=&#8220;{%22gcid-11d3dbbb-f6dc-4fb8-929b-9d6994368d00%22:%91%22background_color%22%93}&#8220; theme_builder_area=&#8220;post_content&#8220; follow_button=&#8220;off&#8220; url_new_window=&#8220;on&#8220;]linkedin[\/et_pb_social_media_follow_network][\/et_pb_social_media_follow][\/et_pb_column][et_pb_column type=&#8220;1_3&#8243; _builder_version=&#8220;4.20.0&#8243; _module_preset=&#8220;default&#8220; global_colors_info=&#8220;{}&#8220; theme_builder_area=&#8220;post_content&#8220;][et_pb_text _builder_version=&#8220;4.27.4&#8243; _module_preset=&#8220;946372fb-195e-47b7-a6fb-c15ed3f5c0ff&#8220; header_4_font=&#8220;Playfair Display|600||on|||||&#8220; header_4_font_size=&#8220;26px&#8220; text_orientation=&#8220;center&#8220; header_4_font_size_tablet=&#8220;22px&#8220; header_4_font_size_phone=&#8220;22px&#8220; locked=&#8220;off&#8220; global_colors_info=&#8220;{%22gcid-heading-color%22:%91%22text_text_color%22%93,%22gcid-11d3dbbb-f6dc-4fb8-929b-9d6994368d00%22:%91%22header_4_text_color%22%93}&#8220; theme_builder_area=&#8220;post_content&#8220;]<h4>\u00d6FFNUNGSZEITEN<\/h4>[\/et_pb_text][et_pb_text _builder_version=&#8220;4.27.4&#8243; _module_preset=&#8220;ee53ab0e-a1c1-42d9-a36b-9a89391c2147&#8243; text_font=&#8220;Manrope||||||||&#8220; text_text_color=&#8220;#FFFFFF&#8220; text_line_height=&#8220;1.6em&#8220; locked=&#8220;off&#8220; global_colors_info=&#8220;{}&#8220; theme_builder_area=&#8220;post_content&#8220;]<div class=\"et_pb_module et_pb_text et_pb_text_11  et_pb_text_align_center et_pb_bg_layout_light\">\n<div class=\"et_pb_text_inner\">\n<p>Pers\u00f6nliche Termine nach Vereinbarung<\/p>\n<\/div>\n<\/div>\n<div class=\"et_pb_module et_pb_text et_pb_text_12  et_pb_text_align_center et_pb_bg_layout_light\">\n<div class=\"et_pb_text_inner\">\n<p>Tel.: MO-FR 09:00 &#8211; 12:00 &amp; 14:00 &#8211; 17:30<\/p>\n<\/div>\n<\/div>\n<div class=\"et_pb_module et_pb_text et_pb_text_13 et_clickable  et_pb_text_align_center et_pb_bg_layout_light\">\n<div class=\"et_pb_text_inner\"><\/div>\n<\/div>[\/et_pb_text][et_pb_text _builder_version=&#8220;4.27.4&#8243; _dynamic_attributes=&#8220;link_option_url&#8220; _module_preset=&#8220;946372fb-195e-47b7-a6fb-c15ed3f5c0ff&#8220; header_4_font=&#8220;Playfair Display|600||on|||||&#8220; header_4_font_size=&#8220;26px&#8220; text_orientation=&#8220;center&#8220; link_option_url=&#8220;@ET-DC@eyJkeW5hbWljIjp0cnVlLCJjb250ZW50IjoicG9zdF9saW5rX3VybF9wYWdlIiwic2V0dGluZ3MiOnsicG9zdF9pZCI6IjM4In19@&#8220; header_4_font_size_tablet=&#8220;22px&#8220; header_4_font_size_phone=&#8220;22px&#8220; locked=&#8220;off&#8220; global_colors_info=&#8220;{%22gcid-heading-color%22:%91%22text_text_color%22%93,%22gcid-11d3dbbb-f6dc-4fb8-929b-9d6994368d00%22:%91%22header_4_text_color%22%93}&#8220; theme_builder_area=&#8220;post_content&#8220;]<h4>IMPRESSUM<\/h4>[\/et_pb_text][et_pb_text _builder_version=&#8220;4.27.4&#8243; _dynamic_attributes=&#8220;link_option_url&#8220; _module_preset=&#8220;946372fb-195e-47b7-a6fb-c15ed3f5c0ff&#8220; header_4_font=&#8220;Playfair Display|600||on|||||&#8220; header_4_font_size=&#8220;26px&#8220; text_orientation=&#8220;center&#8220; link_option_url=&#8220;@ET-DC@eyJkeW5hbWljIjp0cnVlLCJjb250ZW50IjoicG9zdF9saW5rX3VybF9wYWdlIiwic2V0dGluZ3MiOnsicG9zdF9pZCI6IjEyMyJ9fQ==@&#8220; header_4_font_size_tablet=&#8220;22px&#8220; header_4_font_size_phone=&#8220;22px&#8220; header_4_font_size_last_edited=&#8220;on|phone&#8220; locked=&#8220;off&#8220; global_colors_info=&#8220;{%22gcid-heading-color%22:%91%22text_text_color%22%93,%22gcid-11d3dbbb-f6dc-4fb8-929b-9d6994368d00%22:%91%22header_4_text_color%22%93}&#8220; theme_builder_area=&#8220;post_content&#8220;]<h4>DATENSCHUTZ<\/h4>[\/et_pb_text][\/et_pb_column][\/et_pb_row][\/et_pb_section]\n","protected":false},"excerpt":{"rendered":"<p>\u00dcber UnsMarion W\u00f6llGesch\u00e4ftsf\u00fchrende Gesellschafterin\u00a0 m.woell@neumayer-immo.at\u00a0 +43 5372 21939 10Maximilian GrolichProjektentwicklung &amp; Planung | Gesellschafter m.grolich@neumayer-immo.at +43 5372 21939 20Geschichte der Familie NeumayerDie Geschichte der Familie Neumayer reicht bis ins Jahr 1901 zur\u00fcck \u2013 von den ersten Schritten im Kaisertal \u00fcber das legend\u00e4re Caf\u00e9 Neumayer bis hin zur heutigen Neumayer Immobilien GmbH. \u00dcber Generationen hinweg haben [&hellip;]<\/p>\n","protected":false},"author":1,"featured_media":0,"parent":0,"menu_order":0,"comment_status":"closed","ping_status":"closed","template":"","meta":{"_et_pb_use_builder":"on","_et_pb_old_content":"","_et_gb_content_width":"","footnotes":""},"class_list":["post-30","page","type-page","status-publish","hentry"],"_links":{"self":[{"href":"https:\/\/neumayer-immo.at\/index.php\/wp-json\/wp\/v2\/pages\/30","targetHints":{"allow":["GET"]}}],"collection":[{"href":"https:\/\/neumayer-immo.at\/index.php\/wp-json\/wp\/v2\/pages"}],"about":[{"href":"https:\/\/neumayer-immo.at\/index.php\/wp-json\/wp\/v2\/types\/page"}],"author":[{"embeddable":true,"href":"https:\/\/neumayer-immo.at\/index.php\/wp-json\/wp\/v2\/users\/1"}],"replies":[{"embeddable":true,"href":"https:\/\/neumayer-immo.at\/index.php\/wp-json\/wp\/v2\/comments?post=30"}],"version-history":[{"count":3,"href":"https:\/\/neumayer-immo.at\/index.php\/wp-json\/wp\/v2\/pages\/30\/revisions"}],"predecessor-version":[{"id":318,"href":"https:\/\/neumayer-immo.at\/index.php\/wp-json\/wp\/v2\/pages\/30\/revisions\/318"}],"wp:attachment":[{"href":"https:\/\/neumayer-immo.at\/index.php\/wp-json\/wp\/v2\/media?parent=30"}],"curies":[{"name":"wp","href":"https:\/\/api.w.org\/{rel}","templated":true}]}}